{"id":54,"date":"2019-02-25T03:47:42","date_gmt":"2019-02-25T03:47:42","guid":{"rendered":"http:\/\/shtheme.net\/demosd\/pixer\/?page_id=54"},"modified":"2023-09-23T17:25:59","modified_gmt":"2023-09-23T17:25:59","slug":"home-page-01","status":"publish","type":"page","link":"https:\/\/esim.edu.ar\/web\/","title":{"rendered":"Home Page 01"},"content":{"rendered":"[vc_row][vc_column]\n    <section class=\"banner-section\" id=\"home-banner\" style=\"background-image:url(https:\/\/esim.edu.ar\/web\/wp-content\/uploads\/2021\/09\/portada-nueva.png)\">\n\n        <div class=\"auto-container\">\n\n            <div class=\"clearfix\">\n\n                <div class=\"content\">\n\n                    <h1><\/h1>\n\n                    <div class=\"text\"><\/div>\n\n                    <a href=\"https:\/\/esim.edu.ar\/web\/la-escuela\/\" class=\"theme-btn btn-style-one\">La Escuela<\/a>\n\n                <\/div>\n\n                <div class=\"image-box\">\n\n                    <figure class=\"image\">\n\n                        <img src=\"\" alt=\"\">\n\n                    <\/figure>\n\n                <\/div>\n\n            <\/div>\n\n        <\/div>\n\n    <\/section>\n\n\r\n\r\n\n    <section class=\"video-section\">\n\n        <div class=\"auto-container\">\n\n            <!-- Sec Title -->\n\n            <div class=\"sec-title centered\">\n\n                <div class=\"title\">Creada a partir de la<\/div>\n\n                <h2>Ley de Educaci\u00f3n Disruptiva<\/h2>\n\n            <\/div>\n\n            \n\n            <!--Video Box-->\n\n            <div class=\"video-box\">\n\n                <div class=\"title\">ESIM<\/div>\n\n                <a href=\"https:\/\/www.youtube.com\/watch?v=hmXfzrF0hOg\" class=\"lightbox-image overlay-box\"><span class=\"flaticon-play-button\"><i class=\"ripple\"><\/i><\/span><\/a>\n\n                <div class=\"side-image\">\n\n                    <img src=\"\" alt=\"\">\n\n                <\/div>\n\n            <\/div>\n\n            \n\n        <\/div>\n\n    <\/section>\n\n\r\n\r\n[\/vc_column][\/vc_row][vc_row][vc_column][vc_btn title=&#8221;Pol\u00edtica de Transformaci\u00f3n de la Escuela Secundaria Misionera&#8221; shape=&#8221;round&#8221; color=&#8221;blue&#8221; size=&#8221;lg&#8221; align=&#8221;center&#8221; link=&#8221;url:https%3A%2F%2Fesim.edu.ar%2Fweb%2Fpolitica-de-transformacion-de-la-escuela-secundaria-misionera%2F|title:Pol%C3%ADtica||&#8221;][\/vc_column][\/vc_row][vc_row full_width=&#8221;stretch_row&#8221; type_row=&#8221;about_style_3&#8243; ses_title_2=&#8221;Mucho m\u00e1s que tecnolog\u00edas en el aula&#8221; ses_subtitle_2=&#8221;\u201cProponemos diferentes formatos curriculares y metodolog\u00edas de trabajo. Lo que buscamos es ofrecerles a los estudiantes una escuela en donde quieran estar y en la que se sientan contenidos. Por supuesto que lo fundamental es que los chicos aprendan, pero tambi\u00e9n, apuntamos a una propuesta m\u00e1s atractiva, acorde a los tiempos en los cuales vivimos hoy&#8220;&#8221; ses_image=&#8221;67&#8243;][vc_column]\n    <div class=\"author-box\">\n\n        <div class=\"box-inner\">\n\n            <div class=\"image\"><img src=\"https:\/\/esim.edu.ar\/web\/wp-content\/uploads\/2020\/03\/lorena.jpeg\" alt=\"\" \/><\/div>\n\n            <h3>Prof. Lorena Malakoski<\/h3>\n\n            <div class=\"designation\">Vicedirectora<\/div>\n\n            <div class=\"signature\"><img src=\"\" alt=\"\" \/><\/div>\n\n        <\/div>\n\n    <\/div>\n\n[\/vc_column][\/vc_row][vc_row type_row=&#8221;services&#8221; ses_subtitle=&#8221;Un poco de nosotros&#8230;&#8221;][vc_column width=&#8221;1\/3&#8243;]\n    <div class=\"services-block col-lg-4 col-md-6 col-sm-12\">\n\n        <div class=\"inner-box wow fadeInUp\" data-wow-delay=\"0ms\" data-wow-duration=\"1500ms\">\n\n            <div class=\"icon-box\">\n\n                <span class=\"icon\"><img src=\"https:\/\/esim.edu.ar\/web\/wp-content\/uploads\/2019\/02\/service-1.png\" alt=\"\" \/><\/span>\n\n            <\/div>\n\n            <h5><a href=\"#\">Orientacio\u0301n en Informa\u0301tica<\/a><\/h5>\n\n            <div class=\"text\">Para estudiantes interesados en el an\u00e1lisis de problema\u0301ticas ligadas al desarrollo y uso masivo de la informa\u0301tica y las TIC<\/div>\n\n            <a href=\"#\" class=\"plus-box fa fa-plus\"><\/a>\n\n        <\/div>\n\n    <\/div>\n\n[\/vc_column][vc_column width=&#8221;1\/3&#8243;]\n    <div class=\"services-block col-lg-4 col-md-6 col-sm-12\">\n\n        <div class=\"inner-box wow fadeInUp\" data-wow-delay=\"0ms\" data-wow-duration=\"1500ms\">\n\n            <div class=\"icon-box\">\n\n                <span class=\"icon\"><img src=\"https:\/\/esim.edu.ar\/web\/wp-content\/uploads\/2019\/02\/service-2.png\" alt=\"\" \/><\/span>\n\n            <\/div>\n\n            <h5><a href=\"#\">Espacios Interdisciplinarios<\/a><\/h5>\n\n            <div class=\"text\">Con pra\u0301cticas escolares innovadoras, que implican la exploracio\u0301n, indagacio\u0301n, el trabajo auto\u0301nomo y colaborativo de los estudiantes<\/div>\n\n            <a href=\"#\" class=\"plus-box fa fa-plus\"><\/a>\n\n        <\/div>\n\n    <\/div>\n\n[\/vc_column][vc_column width=&#8221;1\/3&#8243;]\n    <div class=\"services-block col-lg-4 col-md-6 col-sm-12\">\n\n        <div class=\"inner-box wow fadeInUp\" data-wow-delay=\"0ms\" data-wow-duration=\"1500ms\">\n\n            <div class=\"icon-box\">\n\n                <span class=\"icon\"><img src=\"https:\/\/esim.edu.ar\/web\/wp-content\/uploads\/2019\/02\/service-3.png\" alt=\"\" \/><\/span>\n\n            <\/div>\n\n            <h5><a href=\"#\">Aprendizaje por Proyectos<\/a><\/h5>\n\n            <div class=\"text\">La incorporaci\u00f3n de metodolog\u00edas activas, tecnolog\u00edas y espacios maker brindan otras experiencias basadas de un aprendizaje pr\u00e1ctico y din\u00e1mico.<\/div>\n\n            <a href=\"#\" class=\"plus-box fa fa-plus\"><\/a>\n\n        <\/div>\n\n    <\/div>\n\n[\/vc_column][\/vc_row][vc_row type_row=&#8221;about_style_1&#8243; ses_title_2=&#8221;Un nuevo modelo pedag\u00f3gico&#8221; ses_subtitle_2=&#8221;&#8220;La Escuela Secundaria de Innovaci\u00f3n de Misiones, sintetiza las pol\u00edticas de Innovaci\u00f3n que se vienen desarrollando en la provincia, con una propuesta de educaci\u00f3n p\u00fablica, gratuita, inclusiva y de calidad. Incorporando la Rob\u00f3tica en la curricula obligatoria, con nuestros propio Campus de Rob\u00f3tica y fortaleciendo el desarrollo integral de los estudiantes con el Campus de Art\u00edstica y el Campus de Educaci\u00f3n F\u00edsica y Deportes, adem\u00e1s de pr\u00e1cticas sustentables en el cuidado del Medioambiente&#8220;.&#8221; ses_image=&#8221;67&#8243; ses_image2=&#8221;68&#8243;][vc_column width=&#8221;1\/2&#8243;]\n    <div class=\"author-box\">\n\n        <div class=\"box-inner\">\n\n            <div class=\"image\"><img src=\"https:\/\/esim.edu.ar\/web\/wp-content\/uploads\/2021\/09\/ramiro-1.png\" alt=\"\" \/><\/div>\n\n            <h3>Lic. Ramiro Aranda<\/h3>\n\n            <div class=\"designation\">Director<\/div>\n\n            <div class=\"signature\"><img src=\"\" alt=\"\" \/><\/div>\n\n        <\/div>\n\n    <\/div>\n\n[\/vc_column][\/vc_row][vc_row][vc_column]\r\n\r\n\n    <section class=\"video-section\">\n\n        <div class=\"auto-container\">\n\n            <!-- Sec Title -->\n\n            <div class=\"sec-title centered\">\n\n                <div class=\"title\">Vanguardia<\/div>\n\n                <h2>Educaci\u00f3n <span>Disruptiva <\/span><\/h2>\n\n            <\/div>\n\n            \n\n            <!--Video Box-->\n\n            <div class=\"video-box\">\n\n                <div class=\"title\">ESIM<\/div>\n\n                <a href=\"https:\/\/www.youtube.com\/watch?v=4sKblC3zo3s\" class=\"lightbox-image overlay-box\"><span class=\"flaticon-play-button\"><i class=\"ripple\"><\/i><\/span><\/a>\n\n                <div class=\"side-image\">\n\n                    <img src=\"https:\/\/esim.edu.ar\/web\/wp-content\/uploads\/2019\/02\/side-img.png\" alt=\"\">\n\n                <\/div>\n\n            <\/div>\n\n            \n\n        <\/div>\n\n    <\/section>\n\n\r\n\r\n[\/vc_column][\/vc_row][vc_row][vc_column][vc_empty_space height=&#8221;300px&#8221;][\/vc_column][\/vc_row][vc_row type_row=&#8221;steps-section&#8221; ses_title=&#8221;Steps for done&#8221; ses_subtitle=&#8221;Easy steps to do\r\nconsult with us us&#8221;][vc_column width=&#8221;1\/4&#8243;]\n    <div class=\"services-block-two col-lg-3 col-md-6 col-sm-12\">\n\n        <div class=\"inner-box wow fadeInUp\" data-wow-delay=\"0ms\" data-wow-duration=\"1500ms\">\n\n            <div class=\"icon-outer\">\n\n                <div class=\"icon-box\">\n\n                    <span class=\"icon flaticon-contact\"><\/span>\n\n                <\/div>\n\n            <\/div>\n\n            <div class=\"lower-box\">\n\n                <h5><a href=\"#\">Contact us first<\/a><\/h5>\n\n                <div class=\"text\">Lorem ipsum dolor sit amet, csectetur adipis icing.<\/div>\n\n                <a class=\"contact\" href=\"#\">Contact us<\/a>\n\n            <\/div>\n\n        <\/div>\n\n    <\/div>\n\n[\/vc_column][vc_column width=&#8221;1\/4&#8243;]\n    <div class=\"services-block-two col-lg-3 col-md-6 col-sm-12\">\n\n        <div class=\"inner-box wow fadeInUp\" data-wow-delay=\"0ms\" data-wow-duration=\"1500ms\">\n\n            <div class=\"icon-outer\">\n\n                <div class=\"icon-box\">\n\n                    <span class=\"icon flaticon-network-1\"><\/span>\n\n                <\/div>\n\n            <\/div>\n\n            <div class=\"lower-box\">\n\n                <h5><a href=\"#\">Consult with us<\/a><\/h5>\n\n                <div class=\"text\">Lorem ipsum dolor sit amet, csectetur adipis icing.<\/div>\n\n                <a class=\"contact\" href=\"#\">Appoinment<\/a>\n\n            <\/div>\n\n        <\/div>\n\n    <\/div>\n\n[\/vc_column][vc_column width=&#8221;1\/4&#8243;]\n    <div class=\"services-block-two col-lg-3 col-md-6 col-sm-12\">\n\n        <div class=\"inner-box wow fadeInUp\" data-wow-delay=\"0ms\" data-wow-duration=\"1500ms\">\n\n            <div class=\"icon-outer\">\n\n                <div class=\"icon-box\">\n\n                    <span class=\"icon flaticon-target\"><\/span>\n\n                <\/div>\n\n            <\/div>\n\n            <div class=\"lower-box\">\n\n                <h5><a href=\"#\">Place Order<\/a><\/h5>\n\n                <div class=\"text\">Lorem ipsum dolor sit amet, csectetur adipis icing.<\/div>\n\n                <a class=\"contact\" href=\"#\">Order now<\/a>\n\n            <\/div>\n\n        <\/div>\n\n    <\/div>\n\n[\/vc_column][vc_column width=&#8221;1\/4&#8243;]\n    <div class=\"services-block-two col-lg-3 col-md-6 col-sm-12\">\n\n        <div class=\"inner-box wow fadeInUp\" data-wow-delay=\"0ms\" data-wow-duration=\"1500ms\">\n\n            <div class=\"icon-outer\">\n\n                <div class=\"icon-box\">\n\n                    <span class=\"icon flaticon-banknote\"><\/span>\n\n                <\/div>\n\n            <\/div>\n\n            <div class=\"lower-box\">\n\n                <h5><a href=\"#\">Make Payment<\/a><\/h5>\n\n                <div class=\"text\">Lorem ipsum dolor sit amet, csectetur adipis icing.<\/div>\n\n                <a class=\"contact\" href=\"#\">Payment<\/a>\n\n            <\/div>\n\n        <\/div>\n\n    <\/div>\n\n[\/vc_column][\/vc_row][vc_row type_row=&#8221;testimonial&#8221; ses_title=&#8221;Protagonistas&#8221; ses_subtitle=&#8221;Los chicos dicen &#8230;&#8221; ses_image=&#8221;84&#8243; ses_image2=&#8221;85&#8243;][vc_column width=&#8221;1\/4&#8243;]\n    <div class=\"testimonial-block\">\n\n        <div class=\"inner-box\">\n\n            <div class=\"upper-box\">\n\n                <div class=\"upper-inner\">\n\n                    <div class=\"image\"><img src=\"https:\/\/esim.edu.ar\/web\/wp-content\/uploads\/2019\/02\/author-2.png\" alt=\"\" \/><\/div>\n\n                    <h5>Aylin<\/h5>\n\n                    <div class=\"designation\">4to a\u00f1o<\/div>\n\n                <\/div>\n\n                <div class=\"text\">``Es m\u00e1s divertido estar ac\u00e1 que en otro colegio. Porque en los otros colegios uno est\u00e1 y se la pasa escribiendo, ac\u00e1 aprendes de verdad c\u00f3mo se hacen las cosas, c\u00f3mo funciona a base de proyectos a base de intentarlo``. <\/div>\n\n            <\/div>\n\n            <div class=\"quote flaticon-quotations\"><\/div>\n\n        <\/div>\n\n    <\/div>\n\n[\/vc_column][vc_column width=&#8221;1\/4&#8243;]\n    <div class=\"testimonial-block\">\n\n        <div class=\"inner-box\">\n\n            <div class=\"upper-box\">\n\n                <div class=\"upper-inner\">\n\n                    <div class=\"image\"><img src=\"https:\/\/esim.edu.ar\/web\/wp-content\/uploads\/2019\/02\/author-3.png\" alt=\"\" \/><\/div>\n\n                    <h5>Lisandro<\/h5>\n\n                    <div class=\"designation\">4to a\u00f1o<\/div>\n\n                <\/div>\n\n                <div class=\"text\">``Es una manera distinta de estudiar. Rob\u00f3tica es algo que siempre me gust\u00f3, entonces esto me gusta porque es una manera de innovar mi proyecto para el future. Es todo tranquilo y te ense\u00f1an a estudiar con buena onda``. <\/div>\n\n            <\/div>\n\n            <div class=\"quote flaticon-quotations\"><\/div>\n\n        <\/div>\n\n    <\/div>\n\n[\/vc_column][\/vc_row][vc_row type_row=&#8221;sponsor&#8221;][vc_column]\n    <li><div class=\"image-box\"><a href=\"https:\/\/edu.misiones.gob.ar\/\"><img src=\"https:\/\/esim.edu.ar\/web\/wp-content\/uploads\/2021\/08\/minis.png\" alt=\"\"><\/a><\/div><\/li>\n\n\n    <li><div class=\"image-box\"><a href=\"#\"><img src=\"https:\/\/esim.edu.ar\/web\/wp-content\/uploads\/2021\/08\/subse.png\" alt=\"\"><\/a><\/div><\/li>\n\n\n    <li><div class=\"image-box\"><a href=\"#\"><img src=\"https:\/\/esim.edu.ar\/web\/wp-content\/uploads\/2021\/08\/innovacion.png\" alt=\"\"><\/a><\/div><\/li>\n\n[\/vc_column][\/vc_row][vc_row type_row=&#8221;faq&#8221; ses_title=&#8221;Campus de Rob\u00f3tica&#8221; ses_title_2=&#8221;Cultura Hacedora&#8221; ses_subtitle=&#8221;Promovemos espacios donde el estudiante es capaz de solucionar un problema con la tecnologi\u0301a, en tanto imagina, inventa e innova productos o servicios en forma individual o colaborativa.&#8221; ses_image2=&#8221;97&#8243;][vc_column width=&#8221;1\/3&#8243;]\n    \n    <li class=\"accordion block\">\n\n        <div class=\"acc-btn\"><div class=\"icon-outer\"><span class=\"icon icon-plus fa fa-plus\"><\/span> <span class=\"icon icon-minus fa fa-minus\"><\/span><\/div>Know How<\/div>\n\n        <div class=\"acc-content\">\n\n            <div class=\"content\">\n\n                <div class=\"text\">\n\n                    <p>Empoderar a los participantes como productores de tecnologi\u0301a con la iniciativa de una inclusio\u0301n digital.<\/p>\n\n                <\/div>\n\n            <\/div>\n\n        <\/div>\n\n    <\/li>\n\n    \n[\/vc_column][vc_column width=&#8221;1\/3&#8243;]\n    \n    <li class=\"accordion block\">\n\n        <div class=\"acc-btn active\"><div class=\"icon-outer\"><span class=\"icon icon-plus fa fa-plus\"><\/span> <span class=\"icon icon-minus fa fa-minus\"><\/span><\/div>STEAM<\/div>\n\n        <div class=\"acc-content current\">\n\n            <div class=\"content\">\n\n                <div class=\"text\">\n\n                    <p>Potenciar el intere\u0301s por las ciencias, tecnologi\u0301as, ingenieri\u0301as, artes y matema\u0301ticas para la participacio\u0301n en una economi\u0301a basada en la innovacio\u0301n tecnolo\u0301gica.<\/p>\n\n                <\/div>\n\n            <\/div>\n\n        <\/div>\n\n    <\/li>\n\n    \n[\/vc_column][vc_column width=&#8221;1\/3&#8243;]\n    \n    <li class=\"accordion block\">\n\n        <div class=\"acc-btn\"><div class=\"icon-outer\"><span class=\"icon icon-plus fa fa-plus\"><\/span> <span class=\"icon icon-minus fa fa-minus\"><\/span><\/div>Coworking<\/div>\n\n        <div class=\"acc-content\">\n\n            <div class=\"content\">\n\n                <div class=\"text\">\n\n                    <p>Propiciar la construccio\u0301n social del conocimiento, impulsando la creatividad y la generacio\u0301n de soluciones innovadoras.<\/p>\n\n                <\/div>\n\n            <\/div>\n\n        <\/div>\n\n    <\/li>\n\n    \n[\/vc_column][\/vc_row][vc_row type_row=&#8221;fact-counter&#8221;][vc_column width=&#8221;1\/4&#8243;]\n    <div class=\"column counter-column col-lg-3 col-md-6 col-sm-12\">\n        <div class=\"inner wow fadeInLeft\" data-wow-delay=\"0ms\" data-wow-duration=\"1500ms\">\n\n            <div class=\"count-outer count-box\">\n\n                <span class=\"count-text\" data-speed=\"3000\" data-stop=\"200\">0<\/span>+\n\n                <h6 class=\"counter-title\">Estudiantes<\/h6>\n\n            <\/div>\n\n        <\/div>\n\n    <\/div>\n\n[\/vc_column][vc_column width=&#8221;1\/4&#8243;]\n    <div class=\"column counter-column col-lg-3 col-md-6 col-sm-12\">\n        <div class=\"inner wow fadeInLeft\" data-wow-delay=\"0ms\" data-wow-duration=\"1500ms\">\n\n            <div class=\"count-outer count-box\">\n\n                <span class=\"count-text\" data-speed=\"3000\" data-stop=\"58\">0<\/span>+\n\n                <h6 class=\"counter-title\">Docentes<\/h6>\n\n            <\/div>\n\n        <\/div>\n\n    <\/div>\n\n[\/vc_column][vc_column width=&#8221;1\/4&#8243;]\n    <div class=\"column counter-column col-lg-3 col-md-6 col-sm-12\">\n        <div class=\"inner wow fadeInLeft\" data-wow-delay=\"0ms\" data-wow-duration=\"1500ms\">\n\n            <div class=\"count-outer count-box\">\n\n                <span class=\"count-text\" data-speed=\"3000\" data-stop=\"251\">0<\/span>+\n\n                <h6 class=\"counter-title\">Escuelas Pioneras<\/h6>\n\n            <\/div>\n\n        <\/div>\n\n    <\/div>\n\n[\/vc_column][vc_column width=&#8221;1\/4&#8243;]\n    <div class=\"column counter-column col-lg-3 col-md-6 col-sm-12\">\n        <div class=\"inner wow fadeInLeft\" data-wow-delay=\"0ms\" data-wow-duration=\"1500ms\">\n\n            <div class=\"count-outer count-box\">\n\n                <span class=\"count-text\" data-speed=\"3000\" data-stop=\"1\">0<\/span>+\n\n                <h6 class=\"counter-title\">Orientaciones Vocacionales<\/h6>\n\n            <\/div>\n\n        <\/div>\n\n    <\/div>\n\n[\/vc_column][\/vc_row]","protected":false},"excerpt":{"rendered":"<p>[vc_row][vc_column] [\/vc_column][\/vc_row][vc_row][vc_column][vc_btn title=&#8221;Pol\u00edtica de Transformaci\u00f3n de la Escuela Secundaria Misionera&#8221; shape=&#8221;round&#8221; color=&#8221;blue&#8221; size=&#8221;lg&#8221; align=&#8221;center&#8221; link=&#8221;url:https%3A%2F%2Fesim.edu.ar%2Fweb%2Fpolitica-de-transformacion-de-la-escuela-secundaria-misionera%2F|title:Pol%C3%ADtica||&#8221;][\/vc_column][\/vc_row][vc_row full_width=&#8221;stretch_row&#8221; type_row=&#8221;about_style_3&#8243; ses_title_2=&#8221;Mucho m\u00e1s que tecnolog\u00edas en el aula&#8221; ses_subtitle_2=&#8221;\u201cProponemos diferentes formatos curriculares y metodolog\u00edas de trabajo. Lo que buscamos es ofrecerles a los estudiantes una escuela en donde quieran estar y en la que se sientan contenidos. Por supuesto [&hellip;]<\/p>\n","protected":false},"author":2,"featured_media":0,"parent":0,"menu_order":0,"comment_status":"closed","ping_status":"closed","template":"page-templates\/home-1.php","meta":[],"_links":{"self":[{"href":"https:\/\/esim.edu.ar\/web\/wp-json\/wp\/v2\/pages\/54"}],"collection":[{"href":"https:\/\/esim.edu.ar\/web\/wp-json\/wp\/v2\/pages"}],"about":[{"href":"https:\/\/esim.edu.ar\/web\/wp-json\/wp\/v2\/types\/page"}],"author":[{"embeddable":true,"href":"https:\/\/esim.edu.ar\/web\/wp-json\/wp\/v2\/users\/2"}],"replies":[{"embeddable":true,"href":"https:\/\/esim.edu.ar\/web\/wp-json\/wp\/v2\/comments?post=54"}],"version-history":[{"count":112,"href":"https:\/\/esim.edu.ar\/web\/wp-json\/wp\/v2\/pages\/54\/revisions"}],"predecessor-version":[{"id":1092,"href":"https:\/\/esim.edu.ar\/web\/wp-json\/wp\/v2\/pages\/54\/revisions\/1092"}],"wp:attachment":[{"href":"https:\/\/esim.edu.ar\/web\/wp-json\/wp\/v2\/media?parent=54"}],"curies":[{"name":"wp","href":"https:\/\/api.w.org\/{rel}","templated":true}]}}